{"id":918,"date":"2014-11-21T18:37:54","date_gmt":"2014-11-21T16:37:54","guid":{"rendered":"http:\/\/www.jaegergruppe-feldeck.de\/wordpress\/?page_id=918"},"modified":"2019-01-10T12:37:12","modified_gmt":"2019-01-10T10:37:12","slug":"vortrag-der-waidgerechte-buchsenschuss-am-11-11-2014","status":"publish","type":"page","link":"https:\/\/www.jaegergruppe-feldeck.de\/wordpress\/eindrucke\/aus-und-weiterbildung\/vortrag-der-waidgerechte-buchsenschuss-am-11-11-2014\/","title":{"rendered":"Vortrag &#8222;Der waidgerechte B\u00fcchsenschuss&#8220; am 11.11.2014"},"content":{"rendered":"<p><a href=\"http:\/\/www.jaegergruppe-feldeck.de\/wordpress\/wp-content\/uploads\/2014\/11\/JGF_Der_waidgerechte_B\u00fcchsenschuss_web.jpeg\"><img loading=\"lazy\" decoding=\"async\" class=\"size-medium wp-image-919 alignnone\" alt=\"JGF_Der_waidgerechte_B\u00fcchsenschuss_web\" src=\"http:\/\/www.jaegergruppe-feldeck.de\/wordpress\/wp-content\/uploads\/2014\/11\/JGF_Der_waidgerechte_B\u00fcchsenschuss_web-300x65.jpeg\" width=\"300\" height=\"65\" srcset=\"https:\/\/www.jaegergruppe-feldeck.de\/wordpress\/wp-content\/uploads\/2014\/11\/JGF_Der_waidgerechte_B\u00fcchsenschuss_web-300x65.jpeg 300w, https:\/\/www.jaegergruppe-feldeck.de\/wordpress\/wp-content\/uploads\/2014\/11\/JGF_Der_waidgerechte_B\u00fcchsenschuss_web.jpeg 640w\" sizes=\"auto, (max-width: 300px) 100vw, 300px\" \/><\/a><\/p>\n<p>Eines unserer Highlights im November war sicherlich der Vortrag \u201eDer waidgerechte B\u00fcchsenschuss\u201c von Herrn\u00a0Friedel Siekmeier w\u00e4hrend unseres Gruppenabends. Neben einem sehr anschaulichen und praxisorientierten Vortrag gab es f\u00fcr die Anwesenden auch gen\u00fcgend Raum f\u00fcr Fragen und Diskussionen sowie f\u00fcr das mitgebrachte Anschauungsmaterial. Herrn\u00a0Siekmeiers Vortrag wurde von <a title=\"Merkel. Die Jagd.\" href=\"http:\/\/www.merkel-die-jagd.de\/\" target=\"_blank\">Merkel<\/a> und <a title=\"Leica Jagdoptik\" href=\"http:\/\/de.leica-camera.com\/Sportoptik\/Leica-Jagdoptik\" target=\"_blank\">Leica<\/a> unterst\u00fctzt.<\/p>\n","protected":false},"excerpt":{"rendered":"<p>Eines unserer Highlights im November war sicherlich der Vortrag \u201eDer waidgerechte B\u00fcchsenschuss\u201c von Herrn\u00a0Friedel Siekmeier w\u00e4hrend unseres Gruppenabends. Neben einem sehr anschaulichen und praxisorientierten Vortrag gab es f\u00fcr die Anwesenden auch gen\u00fcgend Raum f\u00fcr Fragen und Diskussionen sowie f\u00fcr das mitgebrachte Anschauungsmaterial. Herrn\u00a0Siekmeiers Vortrag wurde von Merkel und Leica unterst\u00fctzt.<\/p>\n","protected":false},"author":1,"featured_media":0,"parent":749,"menu_order":0,"comment_status":"open","ping_status":"open","template":"","meta":{"footnotes":""},"class_list":["post-918","page","type-page","status-publish","hentry"],"_links":{"self":[{"href":"https:\/\/www.jaegergruppe-feldeck.de\/wordpress\/wp-json\/wp\/v2\/pages\/918","targetHints":{"allow":["GET"]}}],"collection":[{"href":"https:\/\/www.jaegergruppe-feldeck.de\/wordpress\/wp-json\/wp\/v2\/pages"}],"about":[{"href":"https:\/\/www.jaegergruppe-feldeck.de\/wordpress\/wp-json\/wp\/v2\/types\/page"}],"author":[{"embeddable":true,"href":"https:\/\/www.jaegergruppe-feldeck.de\/wordpress\/wp-json\/wp\/v2\/users\/1"}],"replies":[{"embeddable":true,"href":"https:\/\/www.jaegergruppe-feldeck.de\/wordpress\/wp-json\/wp\/v2\/comments?post=918"}],"version-history":[{"count":5,"href":"https:\/\/www.jaegergruppe-feldeck.de\/wordpress\/wp-json\/wp\/v2\/pages\/918\/revisions"}],"predecessor-version":[{"id":924,"href":"https:\/\/www.jaegergruppe-feldeck.de\/wordpress\/wp-json\/wp\/v2\/pages\/918\/revisions\/924"}],"up":[{"embeddable":true,"href":"https:\/\/www.jaegergruppe-feldeck.de\/wordpress\/wp-json\/wp\/v2\/pages\/749"}],"wp:attachment":[{"href":"https:\/\/www.jaegergruppe-feldeck.de\/wordpress\/wp-json\/wp\/v2\/media?parent=918"}],"curies":[{"name":"wp","href":"https:\/\/api.w.org\/{rel}","templated":true}]}}